{"id":2639,"date":"2023-07-02T15:20:41","date_gmt":"2023-07-02T13:20:41","guid":{"rendered":"https:\/\/iberikshop.com\/?page_id=2639"},"modified":"2023-07-04T20:13:04","modified_gmt":"2023-07-04T18:13:04","slug":"politica-de-privacidad","status":"publish","type":"page","link":"https:\/\/iberikshop.com\/en\/politica-de-privacidad\/","title":{"rendered":"Pol\u00edtica de Privacidad"},"content":{"rendered":"<p>Esta Pol\u00edtica de privacidad describe c\u00f3mo y cu\u00e1ndo iberikshop (&#8220;yo&#8221;, &#8220;mi&#8221;, &#8220;mi&#8221;) recopila, usa y comparte informaci\u00f3n cuando compra un art\u00edculo de iberikshop (https:\/\/www.iberikshop.com), se pone en contacto conmigo, o utilizar mis servicios a trav\u00e9s de iberikshop.com o sus sitios y servicios relacionados.<\/p>\n\n\n\n<p>Usted acepta que al comprar un art\u00edculo de iberikshop o al interactuar con iberikshop, ha le\u00eddo, entendido y acepta estar sujeto a todos los t\u00e9rminos de esta Pol\u00edtica de privacidad. Si no est\u00e1 de acuerdo, debe abandonar iberikshop inmediatamente.<\/p>\n\n\n\n<p>Puedo cambiar esta Pol\u00edtica de privacidad de vez en cuando. Si hago cambios, se lo notificar\u00e9 revisando la fecha en la parte superior de la p\u00e1gina.<\/p>\n\n\n\n<p>Esta Pol\u00edtica de privacidad no se aplica a las pr\u00e1cticas de terceros que no son de mi propiedad ni controlo.<\/p>\n\n\n\n<p>Adem\u00e1s, har\u00e9 todos los esfuerzos razonables para informarle cuando interact\u00fae con terceros con su informaci\u00f3n; sin embargo, usted es el \u00fanico responsable de revisar, comprender y aceptar o no aceptar las pol\u00edticas de privacidad de terceros.<\/p>\n\n\n\n<p>Informaci\u00f3n que recopilo<\/p>\n\n\n\n<p>Cuando realiza una compra o intenta realizar una compra a trav\u00e9s del Sitio, recopilamos cierta informaci\u00f3n sobre usted, incluido su nombre, direcci\u00f3n de facturaci\u00f3n, direcci\u00f3n de env\u00edo, informaci\u00f3n de pago (incluidos los n\u00fameros de tarjeta de cr\u00e9dito), direcci\u00f3n de correo electr\u00f3nico y n\u00famero de tel\u00e9fono. Nos referimos a esta informaci\u00f3n como &#8220;Informaci\u00f3n de pedido&#8221;.<\/p>\n\n\n\n<p>Cuando hablamos de &#8220;Informaci\u00f3n personal&#8221; en esta Pol\u00edtica de privacidad, nos referimos tanto a la Informaci\u00f3n del dispositivo como a la Informaci\u00f3n del pedido.<\/p>\n\n\n\n<p>\u00bfComo usamos tu informaci\u00f3n personal?<\/p>\n\n\n\n<p>Utilizamos la Informaci\u00f3n de pedido que recopilamos generalmente para cumplir con cualquier pedido realizado a trav\u00e9s del Sitio (incluido el procesamiento de su informaci\u00f3n de pago, la organizaci\u00f3n del env\u00edo y el suministro de facturas y\/o confirmaciones de pedidos). Adem\u00e1s, utilizamos esta informaci\u00f3n de pedido para:<\/p>\n\n\n\n<p>&#8211; Comunicarse contigo;<\/p>\n\n\n\n<p>\u2013 Revisar nuestros pedidos en busca de riesgo potencial o fraude; y<\/p>\n\n\n\n<p>\u2013 Cuando est\u00e9 en consonancia con las preferencias que haya compartido con nosotros, proporcionarle informaci\u00f3n o publicidad relacionada con nuestros productos o servicios.<\/p>\n\n\n\n<p>Por qu\u00e9 necesito su informaci\u00f3n y c\u00f3mo la uso<\/p>\n\n\n\n<p>Recojo, uso y comparto su informaci\u00f3n de varias maneras permitidas legalmente, que incluyen:<\/p>\n\n\n\n<p>\u2013 Seg\u00fan sea necesario para proporcionar mis servicios, como cuando uso su informaci\u00f3n para completar su pedido, resolver disputas o brindarle atenci\u00f3n al cliente;<\/p>\n\n\n\n<p>\u2013 Cuando hayas dado tu consentimiento afirmativo, que podr\u00e1s revocar en cualquier momento, como por ejemplo registr\u00e1ndote en mi lista de correo o para recibir notificaciones m\u00edas;<\/p>\n\n\n\n<p>\u2013 Si es necesario para cumplir con una orden judicial o una obligaci\u00f3n legal, como retener informaci\u00f3n sobre sus compras si as\u00ed lo exige la legislaci\u00f3n fiscal; y<\/p>\n\n\n\n<p>\u2013 Seg\u00fan sea necesario para mis propios intereses leg\u00edtimos, si esos intereses leg\u00edtimos no son anulados por sus derechos o intereses, como (a) proporcionar y mejorar mis servicios; (b) Cumplimiento de la Pol\u00edtica de vendedores de Etsy y las Condiciones de uso de Etsy;<\/p>\n\n\n\n<p>Divulgaci\u00f3n e intercambio de informaci\u00f3n<\/p>\n\n\n\n<p>Proteger la informaci\u00f3n personal de mis clientes es de vital importancia para mi negocio y algo que me tomo muy en serio. Por estas razones, comparto su informaci\u00f3n personal solo por razones muy limitadas y en circunstancias limitadas, de la siguiente manera:<\/p>\n\n\n\n<p>\u2013 Con Proveedores de Servicios de Terceros. Contrato a los siguientes terceros de confianza para realizar funciones y prestar servicios a mi tienda:<\/p>\n\n\n\n<p>gmail, para enviar correos<\/p>\n\n\n\n<p>Comparto su informaci\u00f3n personal con estos terceros, pero solo en la medida necesaria para realizar estos servicios;<\/p>\n\n\n\n<p>\u2013 En el caso de una transferencia comercial. Si vendo o fusiono mi negocio, puedo divulgar su informaci\u00f3n como parte de esa transacci\u00f3n, solo en la medida permitida por la ley.<\/p>\n\n\n\n<p>\u2013 En Cumplimiento de las Leyes. Puedo recopilar, usar, retener y compartir su informaci\u00f3n si creo de buena fe que hacerlo es razonablemente necesario para: (a) responder a procesos legales o solicitudes gubernamentales; (b) cumplir obligaciones legales a las que estoy obligado por acuerdos; (c) prevenir, investigar y abordar el fraude y otras actividades ilegales, problemas t\u00e9cnicos o de seguridad; o (d) proteger los derechos, la propiedad y la seguridad de mis clientes u otros.<\/p>\n\n\n\n<p>Cu\u00e1nto tiempo almaceno su informaci\u00f3n<\/p>\n\n\n\n<p>Retengo su informaci\u00f3n personal solo durante el tiempo que sea necesario para brindarle mis servicios y como se describe en mi Pol\u00edtica de privacidad. Sin embargo, tambi\u00e9n se me puede solicitar que conserve esta informaci\u00f3n para cumplir con mis obligaciones legales y reglamentarias, para resolver disputas y para hacer cumplir o cumplir mis acuerdos. En general, conservo sus datos durante el siguiente per\u00edodo de tiempo: cinco (5) a\u00f1os.<\/p>\n\n\n\n<p>Transferencias de informaci\u00f3n personal fuera de la UE<\/p>\n\n\n\n<p>Puedo almacenar y procesar su informaci\u00f3n a trav\u00e9s de servicios de alojamiento de terceros en los EE. UU. y otras jurisdicciones. Como resultado, puedo transferir su informaci\u00f3n personal a una jurisdicci\u00f3n con leyes de protecci\u00f3n de datos y vigilancia gubernamentales diferentes a las de su jurisdicci\u00f3n. Si debo transferir informaci\u00f3n sobre usted fuera de la UE, conf\u00edo en el Escudo de privacidad como base legal para la transferencia, ya que Google Cloud cuenta con la certificaci\u00f3n del Escudo de privacidad.<\/p>\n\n\n\n<p>Tus derechos<\/p>\n\n\n\n<p>Si reside en ciertos territorios, incluida la UE, tiene una serie de derechos en relaci\u00f3n con su informaci\u00f3n personal. Si bien algunos de estos derechos se aplican en general, ciertos derechos se aplican solo en ciertos casos limitados. Sus derechos son los siguientes:<\/p>\n\n\n\n<p>\u2013 Derecho de Acceso. Puede tener derecho a acceder y recibir una copia de la informaci\u00f3n personal que tengo sobre usted poni\u00e9ndose en contacto conmigo utilizando la informaci\u00f3n de contacto a continuaci\u00f3n.<\/p>\n\n\n\n<p>\u2013 Derecho a Modificar, Restringir o Eliminar. Tambi\u00e9n puede tener derechos para cambiar, restringir mi uso o eliminar su informaci\u00f3n personal. En ausencia de circunstancias excepcionales (como cuando debo almacenar informaci\u00f3n por razones legales), generalmente eliminar\u00e9 su informaci\u00f3n personal cuando lo solicite.<\/p>\n\n\n\n<p>\u2013 Derecho de oposici\u00f3n. Puede oponerse a (a) mi procesamiento de parte de su informaci\u00f3n en funci\u00f3n de mis intereses leg\u00edtimos y (b) recibir mensajes de marketing de m\u00ed. En tales casos, eliminar\u00e9 su informaci\u00f3n personal a menos que tenga motivos convincentes y leg\u00edtimos para continuar almacenando y usando su informaci\u00f3n o si es necesario por razones legales.<\/p>\n\n\n\n<p>\u2013 Derecho a Reclamar. Si reside en la UE y desea plantear una inquietud sobre mi uso de su informaci\u00f3n (y sin perjuicio de cualquier otro derecho que pueda tener), tiene derecho a hacerlo con su autoridad local de protecci\u00f3n de datos.<\/p>\n\n\n\n<p>C\u00f3mo contactarme<\/p>\n\n\n\n<p>Puede comunicarse conmigo si tiene alguna inquietud relacionada con la privacidad en  info@iberikshop.com.<\/p>\n\n\n\n<p>A los efectos de la ley de protecci\u00f3n de datos de la UE, yo, Sandra Corredera, soy la controladora de datos de su informaci\u00f3n personal. Si tiene alguna pregunta o inquietud, puede ponerse en contacto conmigo en  info@iberikshop.com.<\/p>","protected":false},"excerpt":{"rendered":"<p>Esta Pol\u00edtica de privacidad describe c\u00f3mo y cu\u00e1ndo iberikshop (&#8220;yo&#8221;, &#8220;mi&#8221;, &#8220;mi&#8221;) recopila, usa y comparte informaci\u00f3n cuando compra un art\u00edculo de iberikshop (https:\/\/www.iberikshop.com), se pone en contacto conmigo, o utilizar mis servicios a trav\u00e9s de iberikshop.com o sus sitios y servicios relacionados. Usted acepta que al comprar un art\u00edculo de iberikshop o al interactuar [&hellip;]<\/p>\n","protected":false},"author":2,"featured_media":0,"parent":0,"menu_order":0,"comment_status":"closed","ping_status":"closed","template":"","meta":{"inline_featured_image":false,"ocean_post_layout":"full-width","ocean_both_sidebars_style":"","ocean_both_sidebars_content_width":0,"ocean_both_sidebars_sidebars_width":0,"ocean_sidebar":"0","ocean_second_sidebar":"0","ocean_disable_margins":"enable","ocean_add_body_class":"","ocean_shortcode_before_top_bar":"","ocean_shortcode_after_top_bar":"","ocean_shortcode_before_header":"","ocean_shortcode_after_header":"","ocean_has_shortcode":"","ocean_shortcode_after_title":"","ocean_shortcode_before_footer_widgets":"","ocean_shortcode_after_footer_widgets":"","ocean_shortcode_before_footer_bottom":"","ocean_shortcode_after_footer_bottom":"","ocean_display_top_bar":"default","ocean_display_header":"default","ocean_header_style":"","ocean_center_header_left_menu":"0","ocean_custom_header_template":"0","ocean_custom_logo":0,"ocean_custom_retina_logo":0,"ocean_custom_logo_max_width":0,"ocean_custom_logo_tablet_max_width":0,"ocean_custom_logo_mobile_max_width":0,"ocean_custom_logo_max_height":0,"ocean_custom_logo_tablet_max_height":0,"ocean_custom_logo_mobile_max_height":0,"ocean_header_custom_menu":"0","ocean_menu_typo_font_family":"0","ocean_menu_typo_font_subset":"","ocean_menu_typo_font_size":0,"ocean_menu_typo_font_size_tablet":0,"ocean_menu_typo_font_size_mobile":0,"ocean_menu_typo_font_size_unit":"px","ocean_menu_typo_font_weight":"","ocean_menu_typo_font_weight_tablet":"","ocean_menu_typo_font_weight_mobile":"","ocean_menu_typo_transform":"","ocean_menu_typo_transform_tablet":"","ocean_menu_typo_transform_mobile":"","ocean_menu_typo_line_height":0,"ocean_menu_typo_line_height_tablet":0,"ocean_menu_typo_line_height_mobile":0,"ocean_menu_typo_line_height_unit":"","ocean_menu_typo_spacing":0,"ocean_menu_typo_spacing_tablet":0,"ocean_menu_typo_spacing_mobile":0,"ocean_menu_typo_spacing_unit":"","ocean_menu_link_color":"","ocean_menu_link_color_hover":"","ocean_menu_link_color_active":"","ocean_menu_link_background":"","ocean_menu_link_hover_background":"","ocean_menu_link_active_background":"","ocean_menu_social_links_bg":"","ocean_menu_social_hover_links_bg":"","ocean_menu_social_links_color":"","ocean_menu_social_hover_links_color":"","ocean_disable_title":"enable","ocean_disable_heading":"default","ocean_post_title":"","ocean_post_subheading":"","ocean_post_title_style":"","ocean_post_title_background_color":"","ocean_post_title_background":0,"ocean_post_title_bg_image_position":"","ocean_post_title_bg_image_attachment":"","ocean_post_title_bg_image_repeat":"","ocean_post_title_bg_image_size":"","ocean_post_title_height":0,"ocean_post_title_bg_overlay":0.5,"ocean_post_title_bg_overlay_color":"","ocean_disable_breadcrumbs":"off","ocean_breadcrumbs_color":"","ocean_breadcrumbs_separator_color":"","ocean_breadcrumbs_links_color":"","ocean_breadcrumbs_links_hover_color":"","ocean_display_footer_widgets":"off","ocean_display_footer_bottom":"default","ocean_custom_footer_template":"0","footnotes":""},"class_list":["post-2639","page","type-page","status-publish","hentry","entry","owp-thumbs-layout-horizontal","owp-btn-normal","owp-tabs-layout-horizontal","has-no-thumbnails","has-product-nav"],"jetpack_sharing_enabled":true,"_links":{"self":[{"href":"https:\/\/iberikshop.com\/en\/wp-json\/wp\/v2\/pages\/2639","targetHints":{"allow":["GET"]}}],"collection":[{"href":"https:\/\/iberikshop.com\/en\/wp-json\/wp\/v2\/pages"}],"about":[{"href":"https:\/\/iberikshop.com\/en\/wp-json\/wp\/v2\/types\/page"}],"author":[{"embeddable":true,"href":"https:\/\/iberikshop.com\/en\/wp-json\/wp\/v2\/users\/2"}],"replies":[{"embeddable":true,"href":"https:\/\/iberikshop.com\/en\/wp-json\/wp\/v2\/comments?post=2639"}],"version-history":[{"count":2,"href":"https:\/\/iberikshop.com\/en\/wp-json\/wp\/v2\/pages\/2639\/revisions"}],"predecessor-version":[{"id":2934,"href":"https:\/\/iberikshop.com\/en\/wp-json\/wp\/v2\/pages\/2639\/revisions\/2934"}],"wp:attachment":[{"href":"https:\/\/iberikshop.com\/en\/wp-json\/wp\/v2\/media?parent=2639"}],"curies":[{"name":"wp","href":"https:\/\/api.w.org\/{rel}","templated":true}]}}